{"version":"1.0","provider_name":"WACOCA NEWS","provider_url":"https:\/\/www.wacoca.com\/news","author_name":"WACOCA News Editor","author_url":"https:\/\/www.wacoca.com\/news\/author\/wacoca-news-editor\/","title":"\ud83c\udde7\ud83c\uddf7\ud83c\uddea\ud83c\uddfa \u30e1\u30eb\u30b3\u30b9\u30fc\u30eb\u30fb\u6b27\u5dde\u9023\u5408\uff08EU\uff09\u30d1\u30fc\u30c8\u30ca\u30fc\u30b7\u30c3\u30d7\u5354\u5b9a\u306e\u627f\u8a8d \ud83c\udde7\ud83c\uddf7\ud83c\uddea\ud83c\uddfa \u30d6\u30e9\u30b8\u30eb\u306f\u30012026\u5e741\u67089\u65e5\u306b\u958b\u50ac\u3055\u308c\u305fEU\u7406\u4e8b\u4f1a\u3067\u3001\u30e1\u30eb\u30b3\u30b9\u30fc\u30eb\u30fbEU\u30d1\u30fc\u30c8\u30ca\u30fc\u30b7\u30c3\u30d7\u5354\u5b9a\u306e\u7f72\u540d\u627f\u8a8d\u304c\u6c7a\u5b9a\u3055\u308c\u305f\u3053\u3068\u3092\u3001\u559c\u3073\u3092\u3082\u3063\u3066\u6b53\u8fce\u3057\u307e\u3059\u3002 \u7f72\u540d\u5f0f\u306f\u3001\u30e1\u30eb\u30b3\u30b9\u30fc\u30eb\u8af8\u56fd\u304a\u3088\u3073EU\u5074\u3068\u306e\u9593\u3067\u5408\u610f\u3055\u308c\u308b\u65e5\u6642\u304a\u3088\u3073\u5834\u6240\u306b\u304a\u3044\u3066\u5b9f\u65bd\u3055\u308c\u308b\u4e88\u5b9a\u3067\u3059\u3002 \u4eca\u56de\u306eEU\u7406\u4e8b\u4f1a\u306b\u3088\u308b\u627f\u8a8d\u306b\u3088\u308a\u3001\u4ea4\u6e09\u958b\u59cb\u304b\u308926\u5e74\u4ee5\u4e0a\u3092\u7d4c\u3066\u3001\u672c\u30d1\u30fc\u30c8\u30ca\u30fc\u30b7\u30c3\u30d7\u5354\u5b9a\u306e\u7f72\u540d\u304c\u53ef\u80fd\u3068\u306a\u308a\u307e\u3059\u3002 \u672c\u5354\u5b9a\u306f\u3001\u4e16\u754c\u6700\u5927\u7d1a\u306e\u4e8c\u3064\u306e\u7d4c\u6e08\u570f\u3092\u7d50\u3073\u3001\u7d047\u51042,000\u4e07\u4eba\u306e\u4eba\u53e3\u306822\u5146\u7c73\u30c9\u30eb\u3092\u8d85\u3048\u308b\u56fd\u5185\u7dcf\u751f\u7523\uff08GDP\uff09\u3092\u64c1\u3059\u308b\u3082\u306e\u3067\u3059\u3002\u3053\u308c\u306f\u3001\u30e1\u30eb\u30b3\u30b9\u30fc\u30eb\u304c\u4ea4\u6e09\u3057\u3066\u304d\u305f\u901a\u5546\u5354\u5b9a\u306e\u4e2d\u3067\u6700\u5927\u898f\u6a21\u306e\u3082\u306e\u3067\u3042\u308a\u3001EU\u304c\u901a\u5546\u30d1\u30fc\u30c8\u30ca\u30fc\u3068\u7de0\u7d50\u3057\u3066\u304d\u305f\u5354\u5b9a\u306e\u4e2d\u3067\u3082\u6700\u5927\u7d1a\u306e\u4e00\u3064\u3067\u3059\u3002 #\u30d6\u30e9\u30b8\u30eb\u6b27\u5dde\u9023\u5408 #\u30d6\u30e9\u30b8\u30ebEU #\u30e1\u30eb\u30b3\u30b9\u30fc\u30eb\u6b27\u5dde\u9023\u5408\u5354\u5b9a #\u30e1\u30eb\u30b3\u30b9\u30fc\u30ebEU .\n\ud83c\udde7\ud83c\uddf7\ud83c\uddea\ud83c\uddfa Aprova\u00e7\u00e3o do Acordo de Parceria MERCOSUL-Uni\u00e3o Europeia \ud83c\udde7\ud83c\uddf7\ud83c\uddea\ud83c\uddfa \u00c9 com entusiasmo que o Brasil sa\u00fada a decis\u00e3o, em reuni\u00e3o do Conselho da Uni\u00e3o Europeia realizada em 9\/1\/2026, de aprovar a assinatura do Acordo de Parceria MERCOSUL-Uni\u00e3o Europeia. A cerim\u00f4nia de assinatura dever\u00e1 ocorrer em data e local a serem acordados em conjunto entre os pa\u00edses do MERCOSUL e o lado europeu.\nA aprova\u00e7\u00e3o pelas inst\u00e2ncias comunit\u00e1rias europeias permitir\u00e1 que o Acordo de Parceria seja assinado, depois de mais de 26 anos do in\u00edcio das negocia\u00e7\u00f5es. O Acordo integrar\u00e1 dois dos maiores blocos econ\u00f4micos do mundo, reunindo cerca de 720 milh\u00f5es de pessoas e Produto Interno Bruto (PIB) de mais de US$ 22 trilh\u00f5es de d\u00f3lares. Trata-se do maior acordo comercial negociado pelo MERCOSUL e um dos maiores dentre aqueles pactuados pela Uni\u00e3o Europeia com parceiros comerciais. #brasiluni\u00e3oeuropeia #brasilue #acordomercosuluni\u00e3oeuropeia #mercosulue | \u99d0\u65e5\u30d6\u30e9\u30b8\u30eb\u5927\u4f7f\u9928","type":"rich","width":600,"height":338,"html":"<blockquote class=\"wp-embedded-content\" data-secret=\"XiQ1RfooI7\"><a href=\"https:\/\/www.wacoca.com\/news\/2761150\/\">\ud83c\udde7\ud83c\uddf7\ud83c\uddea\ud83c\uddfa \u30e1\u30eb\u30b3\u30b9\u30fc\u30eb\u30fb\u6b27\u5dde\u9023\u5408\uff08EU\uff09\u30d1\u30fc\u30c8\u30ca\u30fc\u30b7\u30c3\u30d7\u5354\u5b9a\u306e\u627f\u8a8d \ud83c\udde7\ud83c\uddf7\ud83c\uddea\ud83c\uddfa \u30d6\u30e9\u30b8\u30eb\u306f\u30012026\u5e741\u67089\u65e5\u306b\u958b\u50ac\u3055\u308c\u305fEU\u7406\u4e8b\u4f1a\u3067\u3001\u30e1\u30eb\u30b3\u30b9\u30fc\u30eb\u30fbEU\u30d1\u30fc\u30c8\u30ca\u30fc\u30b7\u30c3\u30d7\u5354\u5b9a\u306e\u7f72\u540d\u627f\u8a8d\u304c\u6c7a\u5b9a\u3055\u308c\u305f\u3053\u3068\u3092\u3001\u559c\u3073\u3092\u3082\u3063\u3066\u6b53\u8fce\u3057\u307e\u3059\u3002 \u7f72\u540d\u5f0f\u306f\u3001\u30e1\u30eb\u30b3\u30b9\u30fc\u30eb\u8af8\u56fd\u304a\u3088\u3073EU\u5074\u3068\u306e\u9593\u3067\u5408\u610f\u3055\u308c\u308b\u65e5\u6642\u304a\u3088\u3073\u5834\u6240\u306b\u304a\u3044\u3066\u5b9f\u65bd\u3055\u308c\u308b\u4e88\u5b9a\u3067\u3059\u3002 \u4eca\u56de\u306eEU\u7406\u4e8b\u4f1a\u306b\u3088\u308b\u627f\u8a8d\u306b\u3088\u308a\u3001\u4ea4\u6e09\u958b\u59cb\u304b\u308926\u5e74\u4ee5\u4e0a\u3092\u7d4c\u3066\u3001\u672c\u30d1\u30fc\u30c8\u30ca\u30fc\u30b7\u30c3\u30d7\u5354\u5b9a\u306e\u7f72\u540d\u304c\u53ef\u80fd\u3068\u306a\u308a\u307e\u3059\u3002 \u672c\u5354\u5b9a\u306f\u3001\u4e16\u754c\u6700\u5927\u7d1a\u306e\u4e8c\u3064\u306e\u7d4c\u6e08\u570f\u3092\u7d50\u3073\u3001\u7d047\u51042,000\u4e07\u4eba\u306e\u4eba\u53e3\u306822\u5146\u7c73\u30c9\u30eb\u3092\u8d85\u3048\u308b\u56fd\u5185\u7dcf\u751f\u7523\uff08GDP\uff09\u3092\u64c1\u3059\u308b\u3082\u306e\u3067\u3059\u3002\u3053\u308c\u306f\u3001\u30e1\u30eb\u30b3\u30b9\u30fc\u30eb\u304c\u4ea4\u6e09\u3057\u3066\u304d\u305f\u901a\u5546\u5354\u5b9a\u306e\u4e2d\u3067\u6700\u5927\u898f\u6a21\u306e\u3082\u306e\u3067\u3042\u308a\u3001EU\u304c\u901a\u5546\u30d1\u30fc\u30c8\u30ca\u30fc\u3068\u7de0\u7d50\u3057\u3066\u304d\u305f\u5354\u5b9a\u306e\u4e2d\u3067\u3082\u6700\u5927\u7d1a\u306e\u4e00\u3064\u3067\u3059\u3002 #\u30d6\u30e9\u30b8\u30eb\u6b27\u5dde\u9023\u5408 #\u30d6\u30e9\u30b8\u30ebEU #\u30e1\u30eb\u30b3\u30b9\u30fc\u30eb\u6b27\u5dde\u9023\u5408\u5354\u5b9a #\u30e1\u30eb\u30b3\u30b9\u30fc\u30ebEU .\n\ud83c\udde7\ud83c\uddf7\ud83c\uddea\ud83c\uddfa Aprova\u00e7\u00e3o do Acordo de Parceria MERCOSUL-Uni\u00e3o Europeia \ud83c\udde7\ud83c\uddf7\ud83c\uddea\ud83c\uddfa \u00c9 com entusiasmo que o Brasil sa\u00fada a decis\u00e3o, em reuni\u00e3o do Conselho da Uni\u00e3o Europeia realizada em 9\/1\/2026, de aprovar a assinatura do Acordo de Parceria MERCOSUL-Uni\u00e3o Europeia. A cerim\u00f4nia de assinatura dever\u00e1 ocorrer em data e local a serem acordados em conjunto entre os pa\u00edses do MERCOSUL e o lado europeu.\nA aprova\u00e7\u00e3o pelas inst\u00e2ncias comunit\u00e1rias europeias permitir\u00e1 que o Acordo de Parceria seja assinado, depois de mais de 26 anos do in\u00edcio das negocia\u00e7\u00f5es. O Acordo integrar\u00e1 dois dos maiores blocos econ\u00f4micos do mundo, reunindo cerca de 720 milh\u00f5es de pessoas e Produto Interno Bruto (PIB) de mais de US$ 22 trilh\u00f5es de d\u00f3lares. Trata-se do maior acordo comercial negociado pelo MERCOSUL e um dos maiores dentre aqueles pactuados pela Uni\u00e3o Europeia com parceiros comerciais. #brasiluni\u00e3oeuropeia #brasilue #acordomercosuluni\u00e3oeuropeia #mercosulue | \u99d0\u65e5\u30d6\u30e9\u30b8\u30eb\u5927\u4f7f\u9928<\/a><\/blockquote><iframe sandbox=\"allow-scripts\" security=\"restricted\" src=\"https:\/\/www.wacoca.com\/news\/2761150\/embed\/#?secret=XiQ1RfooI7\" width=\"600\" height=\"338\" title=\"&#8220;\ud83c\udde7\ud83c\uddf7\ud83c\uddea\ud83c\uddfa \u30e1\u30eb\u30b3\u30b9\u30fc\u30eb\u30fb\u6b27\u5dde\u9023\u5408\uff08EU\uff09\u30d1\u30fc\u30c8\u30ca\u30fc\u30b7\u30c3\u30d7\u5354\u5b9a\u306e\u627f\u8a8d \ud83c\udde7\ud83c\uddf7\ud83c\uddea\ud83c\uddfa \u30d6\u30e9\u30b8\u30eb\u306f\u30012026\u5e741\u67089\u65e5\u306b\u958b\u50ac\u3055\u308c\u305fEU\u7406\u4e8b\u4f1a\u3067\u3001\u30e1\u30eb\u30b3\u30b9\u30fc\u30eb\u30fbEU\u30d1\u30fc\u30c8\u30ca\u30fc\u30b7\u30c3\u30d7\u5354\u5b9a\u306e\u7f72\u540d\u627f\u8a8d\u304c\u6c7a\u5b9a\u3055\u308c\u305f\u3053\u3068\u3092\u3001\u559c\u3073\u3092\u3082\u3063\u3066\u6b53\u8fce\u3057\u307e\u3059\u3002 \u7f72\u540d\u5f0f\u306f\u3001\u30e1\u30eb\u30b3\u30b9\u30fc\u30eb\u8af8\u56fd\u304a\u3088\u3073EU\u5074\u3068\u306e\u9593\u3067\u5408\u610f\u3055\u308c\u308b\u65e5\u6642\u304a\u3088\u3073\u5834\u6240\u306b\u304a\u3044\u3066\u5b9f\u65bd\u3055\u308c\u308b\u4e88\u5b9a\u3067\u3059\u3002 \u4eca\u56de\u306eEU\u7406\u4e8b\u4f1a\u306b\u3088\u308b\u627f\u8a8d\u306b\u3088\u308a\u3001\u4ea4\u6e09\u958b\u59cb\u304b\u308926\u5e74\u4ee5\u4e0a\u3092\u7d4c\u3066\u3001\u672c\u30d1\u30fc\u30c8\u30ca\u30fc\u30b7\u30c3\u30d7\u5354\u5b9a\u306e\u7f72\u540d\u304c\u53ef\u80fd\u3068\u306a\u308a\u307e\u3059\u3002 \u672c\u5354\u5b9a\u306f\u3001\u4e16\u754c\u6700\u5927\u7d1a\u306e\u4e8c\u3064\u306e\u7d4c\u6e08\u570f\u3092\u7d50\u3073\u3001\u7d047\u51042,000\u4e07\u4eba\u306e\u4eba\u53e3\u306822\u5146\u7c73\u30c9\u30eb\u3092\u8d85\u3048\u308b\u56fd\u5185\u7dcf\u751f\u7523\uff08GDP\uff09\u3092\u64c1\u3059\u308b\u3082\u306e\u3067\u3059\u3002\u3053\u308c\u306f\u3001\u30e1\u30eb\u30b3\u30b9\u30fc\u30eb\u304c\u4ea4\u6e09\u3057\u3066\u304d\u305f\u901a\u5546\u5354\u5b9a\u306e\u4e2d\u3067\u6700\u5927\u898f\u6a21\u306e\u3082\u306e\u3067\u3042\u308a\u3001EU\u304c\u901a\u5546\u30d1\u30fc\u30c8\u30ca\u30fc\u3068\u7de0\u7d50\u3057\u3066\u304d\u305f\u5354\u5b9a\u306e\u4e2d\u3067\u3082\u6700\u5927\u7d1a\u306e\u4e00\u3064\u3067\u3059\u3002 #\u30d6\u30e9\u30b8\u30eb\u6b27\u5dde\u9023\u5408 #\u30d6\u30e9\u30b8\u30ebEU #\u30e1\u30eb\u30b3\u30b9\u30fc\u30eb\u6b27\u5dde\u9023\u5408\u5354\u5b9a #\u30e1\u30eb\u30b3\u30b9\u30fc\u30ebEU .\n\ud83c\udde7\ud83c\uddf7\ud83c\uddea\ud83c\uddfa Aprova\u00e7\u00e3o do Acordo de Parceria MERCOSUL-Uni\u00e3o Europeia \ud83c\udde7\ud83c\uddf7\ud83c\uddea\ud83c\uddfa \u00c9 com entusiasmo que o Brasil sa\u00fada a decis\u00e3o, em reuni\u00e3o do Conselho da Uni\u00e3o Europeia realizada em 9\/1\/2026, de aprovar a assinatura do Acordo de Parceria MERCOSUL-Uni\u00e3o Europeia. A cerim\u00f4nia de assinatura dever\u00e1 ocorrer em data e local a serem acordados em conjunto entre os pa\u00edses do MERCOSUL e o lado europeu.\nA aprova\u00e7\u00e3o pelas inst\u00e2ncias comunit\u00e1rias europeias permitir\u00e1 que o Acordo de Parceria seja assinado, depois de mais de 26 anos do in\u00edcio das negocia\u00e7\u00f5es. O Acordo integrar\u00e1 dois dos maiores blocos econ\u00f4micos do mundo, reunindo cerca de 720 milh\u00f5es de pessoas e Produto Interno Bruto (PIB) de mais de US$ 22 trilh\u00f5es de d\u00f3lares. Trata-se do maior acordo comercial negociado pelo MERCOSUL e um dos maiores dentre aqueles pactuados pela Uni\u00e3o Europeia com parceiros comerciais. #brasiluni\u00e3oeuropeia #brasilue #acordomercosuluni\u00e3oeuropeia #mercosulue | \u99d0\u65e5\u30d6\u30e9\u30b8\u30eb\u5927\u4f7f\u9928&#8221; &#8212; WACOCA NEWS\" data-secret=\"XiQ1RfooI7\" frameborder=\"0\" marginwidth=\"0\" marginheight=\"0\" scrolling=\"no\" class=\"wp-embedded-content\"><\/iframe><script type=\"text\/javascript\">\n\/* <![CDATA[ *\/\n\/*! This file is auto-generated *\/\n!function(d,l){\"use strict\";l.querySelector&&d.addEventListener&&\"undefined\"!=typeof URL&&(d.wp=d.wp||{},d.wp.receiveEmbedMessage||(d.wp.receiveEmbedMessage=function(e){var t=e.data;if((t||t.secret||t.message||t.value)&&!\/[^a-zA-Z0-9]\/.test(t.secret)){for(var s,r,n,a=l.querySelectorAll('iframe[data-secret=\"'+t.secret+'\"]'),o=l.querySelectorAll('blockquote[data-secret=\"'+t.secret+'\"]'),c=new RegExp(\"^https?:$\",\"i\"),i=0;i<o.length;i++)o[i].style.display=\"none\";for(i=0;i<a.length;i++)s=a[i],e.source===s.contentWindow&&(s.removeAttribute(\"style\"),\"height\"===t.message?(1e3<(r=parseInt(t.value,10))?r=1e3:~~r<200&&(r=200),s.height=r):\"link\"===t.message&&(r=new URL(s.getAttribute(\"src\")),n=new URL(t.value),c.test(n.protocol))&&n.host===r.host&&l.activeElement===s&&(d.top.location.href=t.value))}},d.addEventListener(\"message\",d.wp.receiveEmbedMessage,!1),l.addEventListener(\"DOMContentLoaded\",function(){for(var e,t,s=l.querySelectorAll(\"iframe.wp-embedded-content\"),r=0;r<s.length;r++)(t=(e=s[r]).getAttribute(\"data-secret\"))||(t=Math.random().toString(36).substring(2,12),e.src+=\"#?secret=\"+t,e.setAttribute(\"data-secret\",t)),e.contentWindow.postMessage({message:\"ready\",secret:t},\"*\")},!1)))}(window,document);\n\/\/# sourceURL=https:\/\/www.wacoca.com\/news\/wp-includes\/js\/wp-embed.min.js\n\/* ]]> *\/\n<\/script>\n","thumbnail_url":"https:\/\/www.wacoca.com\/news\/wp-content\/uploads\/2026\/02\/616044367_1353705319861783_1723016940096082502_n-768x960.jpg","thumbnail_width":600,"thumbnail_height":750}